{"id":10897,"date":"2022-12-14T18:43:53","date_gmt":"2022-12-14T18:43:53","guid":{"rendered":"https:\/\/solandecabras.es\/sostenibilidad\/compromiso-social\/solan-de-cabras-y-la-aecc-vuelven-a-unirse-con-gotasdesolidaridad\/"},"modified":"2024-03-04T10:52:48","modified_gmt":"2024-03-04T10:52:48","slug":"solan-de-cabras-y-la-aecc-vuelven-a-unirse-con-gotasdesolidaridad","status":"publish","type":"page","link":"https:\/\/solandecabras.es\/en\/sustainability\/commitment-to-society\/solan-de-cabras-and-the-aecc-join-forces-again-in-dropsofsolidarity\/","title":{"rendered":"Sol\u00e1n de Cabras and the AECC join forces again in #DROPSOFSOLIDARITY\u00a0\u00a0\u00a0"},"content":{"rendered":"\n<section style=\"\" id=\"hero-home-block_3e5983a22062682d164375fc6deace02\"  class=\"mod mod--hero\nmod--hero-post           negative\">\n            <div class=\"img-wrap\">\n                            <img decoding=\"async\" class=\"current\"\n            src=\"https:\/\/solandecabras.es\/wp-content\/uploads\/2022\/12\/compromiso_con_la_sociedad-post-2.jpg\"\n            alt=\"\"\n          \/>\n            <\/div>\n      \n  <div class=\"text-wrap\">\n    <div class=\"slide-wrap\" data-autosize=\"height-max-child\">\n                    <div class=\"slide current\">\n\n\n                        \n        \n      <h1 class=\"title\">\n      Sol\u00e1n de Cabras and the AECC join forces again in #DROPSOFSOLIDARITY    <\/h1>\n  \n\n\n  <p>Sol\u00e1n de Cabras renews its commitment to the Spanish Cancer Association for the tenth consecutive year<\/p>\n\n\n\n    <\/div>\n            <\/div>\n\n      <\/div>\n<\/section>\n\n\n<section style=\"\" id=\"wysiwyg-block_7a8cd00945722c8cf242ee36dc505070\" class=\"mod mod--wysiwyg    \">\n\n  <div class=\"text-editor\">\n                  <div class=\"text-editor-container \"><h2>SOL\u00c1N DE CABRAS RENEWS ITS COMMITMENT TO THE SPANISH CANCER ASSOCIATION FOR THE TENTH CONSECUTIVE YEAR<\/h2><\/div>              <div class=\"text-editor-container \">For the tenth consecutive year, we\u2019re collaborating with the Spanish Cancer Association (AECC) in providing minutes of counselling to enhance the emotional well-being of patients and their family members in the fight against this disease. As a new feature, this year our collaboration goes beyond our pink bottle to include the entire natural mineral water range as a socially responsible brand.\r\n<ul role=\"list\">\r\n \t<li>More than 597,000 minutes dedicated to counselling for cancer patients and their family members.<\/li>\r\n \t<li>More than 650,000 euros donated to the AECC.<\/li>\r\n \t<li>Nearly 30,000 bottles donated to hospitals to help inpatients and outpatients, and 400,000 bottles donated each year for events and fun runs organised by the AECC.<\/li>\r\n<li>Visibility of the Spanish Cancer Association logo across our entire natural mineral water range.<\/li>\r\n<\/ul><\/div>              <div class=\"text-editor-container \"><h2>\r\nOUR DOCUMENTARY: THE EMOTION OF WELL-BEING\r\n<\/h2><\/div>              <div class=\"text-editor-container \">Sol\u00e1n de Cabras is convinced of the importance of emotional well-being in the fight against this disease. Silvia, Mar\u00eda and Alejandro have decided to turn cancer into a learning and transformation process. They\u2019re our heroes, capable of using all their strength and spreading their optimism about life to us. And they are also the stars of The Emotion of Well-being, our latest project. It\u2019s a documentary made to commemorate our ten years of working with the Spanish Cancer Association. The piece, which premiered last autumn, tells their coping stories and highlights the value of feeling good emotionally in the fight against cancer.<\/div>            <\/div>\n\n\n\n                                                \n<\/section>\n\n\n<section style=\"\" id=\"wysiwyg-block_7ff7e64568afd12cbc69d0e0206342f2\" class=\"mod mod--wysiwyg    \">\n\n  <div class=\"text-editor\">\n                  <!-- <div class=\"text-editor-container\"> -->\n<div class=\"video-embed\" data-youtube-id=\"Ag1StJAeVqQ\">\n        <img decoding=\"async\" src=\"https:\/\/solandecabras.es\/wp-content\/uploads\/2022\/12\/compromiso_con_la_sociedad-post-2.jpg\" alt=\"\" \/>\n    <div class=\"iframe-placeholder\"><\/div>\n<\/div>\n<!-- <\/div> -->\n            <\/div>\n\n\n\n                  \n<\/section>\n\n\n<section style=\"\" id=\"wysiwyg-block_6e7da17bc98c43fd06a4c9db66a7c4aa\" class=\"mod mod--wysiwyg    \">\n\n  <div class=\"text-editor\">\n                  <div class=\"text-editor-container \"><h2 style=\"text-align: center;\">TOGETHER, WE WILL KEEP WORKING SO PEOPLE CAN EXPERIENCE THE EMOTION OF WELL-BEING WHILE FIGHTING CANCER.<\/h2>\r\n<h2 style=\"text-align: center;\">BECAUSE NO ONE SHOULD GO THROUGH CANCER ALONE.<\/h2><\/div>                            <div class=\"text-editor-container \"><p style=\"text-align:center\"><img loading=\"lazy\" decoding=\"async\" class=\"size-full wp-image-3063 aligncenter\" src=\"https:\/\/solandecabras.es\/wp-content\/uploads\/2022\/12\/la-emocion-del-bienestar.png\" alt=\"\" width=\"521\" height=\"633\" srcset=\"https:\/\/solandecabras.es\/wp-content\/uploads\/2022\/12\/la-emocion-del-bienestar.png 521w, https:\/\/solandecabras.es\/wp-content\/uploads\/2022\/12\/la-emocion-del-bienestar-247x300.png 247w\" sizes=\"auto, (max-width: 521px) 100vw, 521px\" \/><p><\/div>            <\/div>\n\n\n\n                                            <div class=\"text-editor-container\">\n        <div class=\"share-wrap\">\n          <span>Comp\u00e1rtelo<\/span>\n          <ul>\n            <li><a target=\"_blank\" href=\"https:\/\/twitter.com\/share?url=https:\/\/solandecabras.es\/en\/sustainability\/commitment-to-society\/solan-de-cabras-and-the-aecc-join-forces-again-in-dropsofsolidarity\/&amp;text=Sol\u00e1n de Cabras and the AECC join forces again in #DROPSOFSOLIDARITY\u00a0\u00a0\u00a0\">Comp\u00e1rtelo en Twitter<i class=\"ri-twitter-line\"><\/i><\/a><\/li>\n            <li><a target=\"_blank\" href=\"https:\/\/www.facebook.com\/sharer.php?u=https:\/\/solandecabras.es\/en\/sustainability\/commitment-to-society\/solan-de-cabras-and-the-aecc-join-forces-again-in-dropsofsolidarity\/\">Comp\u00e1rtelo en Facebook<i class=\"ri-facebook-box-line\"><\/i><\/a><\/li>\n            <li><a target=\"_blank\" href=\"mailto:?subject=Quiero%20compartir%20contigo%20la%20web%20de%20Sol\u00e1n%20de%20Cabras&#038;body=Accede%20a%20este%20link:%20https:\/\/solandecabras.es\/en\/sustainability\/commitment-to-society\/solan-de-cabras-and-the-aecc-join-forces-again-in-dropsofsolidarity\/\">Comp\u00e1rtelo por mail<i class=\"ri-mail-line\"><\/i><\/a><\/li>\n          <\/ul>\n        <\/div>\n    <\/div>\n                        \n<\/section>\n\n\n<section id=\"card-horizontal-block_1409488f27251a321c8a04d0d6ee2f71\" class=\"mod mod--cards-horizontal  \">\n\n                    <div class=\"mod-header\">\r\n  <h2 class=\"title\">YOU MIGHT BE INTERESTED IN<\/h2><\/div>\r\n\r\n  <ul class=\"card-container\">\r\n                <li class=\"card\">\n            <a class=\"img-wrap\"\n         href=\"\/sustainability\/commitment-to-society\/womens-race\/\"\n         target=\"\">\n                   <img loading=\"lazy\" decoding=\"async\" width=\"700\" height=\"293\" src=\"https:\/\/solandecabras.es\/wp-content\/uploads\/2023\/02\/carrera-mujer-D.jpg\" alt=\"\"  data-focus=\"50% 20%\" \/>\n               <\/a>\n        <div class=\"text-wrap\">\n              <h3 class=\"title\">\n                      <a class=\"pretitle\"\n              href=\"\/sustainability\/commitment-to-society\/womens-race\/\"\n              target=\"\">\n              Women&#8217;s race            <\/a>\n                <\/h3>\n        <p>A charity fun run for enjoying community athletics and having a good time. The largest women&#8217;s sports event in Europe.<\/p>        <a referrerpolicy=\"origin\"\n      class=\"btn btn--link\"\n      href=\"\/sustainability\/commitment-to-society\/womens-race\/\"\n      target=\"\">\n      <span>Read<\/span>\n    <\/a>\n  <\/div>\n<\/li>\n                <li class=\"card\">\n            <a class=\"img-wrap\"\n         href=\"\/sustainability\/commitment-to-society\/solan-de-cabras-and-the-aecc-join-forces-again-in-dropsofsolidarity\"\n         target=\"\">\n                   <img loading=\"lazy\" decoding=\"async\" width=\"1400\" height=\"551\" src=\"https:\/\/solandecabras.es\/wp-content\/uploads\/2023\/02\/Ficha-1.jpg\" alt=\"\"  data-focus=\"50% 20%\" \/>\n               <\/a>\n        <div class=\"text-wrap\">\n              <h3 class=\"title\">\n                      <a class=\"pretitle\"\n              href=\"\/sustainability\/commitment-to-society\/solan-de-cabras-and-the-aecc-join-forces-again-in-dropsofsolidarity\"\n              target=\"\">\n              Sol\u00e1n de Cabras and the AECC join forces once again in #dropsofsolidarity            <\/a>\n                <\/h3>\n        <p>We renewed our commitment to the Spanish Cancer Association for the tenth year in a row.<\/p>        <a referrerpolicy=\"origin\"\n      class=\"btn btn--link\"\n      href=\"\/sustainability\/commitment-to-society\/solan-de-cabras-and-the-aecc-join-forces-again-in-dropsofsolidarity\"\n      target=\"\">\n      <span>Leer<\/span>\n    <\/a>\n  <\/div>\n<\/li>\n                <li class=\"card\">\n            <a class=\"img-wrap\"\n         href=\"\/sostenibilidad\/commitment-to-society\/mahou-san-miguel-foundation\/\"\n         target=\"\">\n                   <img loading=\"lazy\" decoding=\"async\" width=\"1400\" height=\"700\" src=\"https:\/\/solandecabras.es\/wp-content\/uploads\/2022\/12\/compromiso_con_la_sociedad-post-5-1.jpg\" alt=\"\"  data-focus=\"50% 20%\" \/>\n               <\/a>\n        <div class=\"text-wrap\">\n              <h3 class=\"title\">\n                      <a class=\"pretitle\"\n              href=\"\/sostenibilidad\/commitment-to-society\/mahou-san-miguel-foundation\/\"\n              target=\"\">\n              MAHOU SAN MIGUEL FOUNDATION            <\/a>\n                <\/h3>\n        <p>The Mahou San Miguel Foundation exists to provide continuity to and drive social action projects.<\/p>        <a referrerpolicy=\"origin\"\n      class=\"btn btn--link\"\n      href=\"\/sostenibilidad\/commitment-to-society\/mahou-san-miguel-foundation\/\"\n      target=\"\">\n      <span>Read<\/span>\n    <\/a>\n  <\/div>\n<\/li>\n      <\/ul>\r\n      \n<\/section>\n\n\n\n<section id=\"image-text-block_fba5dca68c80cf612902078c3cebbec8\"   class=\"mod mod--image-text\n                    mod--transition-none  \">\n  \n    <div class=\"text-wrap\">\n      <\/div>\n\n  <\/section>\n","protected":false},"excerpt":{"rendered":"","protected":false},"author":2,"featured_media":0,"parent":10873,"menu_order":0,"comment_status":"closed","ping_status":"closed","template":"","meta":{"inline_featured_image":false,"footnotes":""},"class_list":["post-10897","page","type-page","status-publish","hentry"],"acf":[],"yoast_head":"<!-- This site is optimized with the Yoast SEO plugin v26.2 - https:\/\/yoast.com\/wordpress\/plugins\/seo\/ -->\n<title>SOL\u00c1N DE CABRAS REFUERZA SU COMPROMISO CON LA ASOCIACI\u00d3N ESPA\u00d1OLA CONTRA EL C\u00c1NCER POR D\u00c9CIMO A\u00d1O CONSECUTIVO<\/title>\n<meta name=\"description\" content=\"Reforzamos nuestro compromiso con la AECC a trav\u00e9s de la acci\u00f3n \u201c1 TUIT= 1 MINUTO\u201d para donar atenci\u00f3n psicol\u00f3gica para pacientes y familiares.\" \/>\n<meta name=\"robots\" content=\"index, follow, max-snippet:-1, max-image-preview:large, max-video-preview:-1\" \/>\n<link rel=\"canonical\" href=\"https:\/\/solandecabras.es\/en\/sustainability\/commitment-to-society\/solan-de-cabras-and-the-aecc-join-forces-again-in-dropsofsolidarity\/\" \/>\n<meta property=\"og:locale\" content=\"en_US\" \/>\n<meta property=\"og:type\" content=\"article\" \/>\n<meta property=\"og:title\" content=\"SOL\u00c1N DE CABRAS REFUERZA SU COMPROMISO CON LA ASOCIACI\u00d3N ESPA\u00d1OLA CONTRA EL C\u00c1NCER POR D\u00c9CIMO A\u00d1O CONSECUTIVO\" \/>\n<meta property=\"og:description\" content=\"Reforzamos nuestro compromiso con la AECC a trav\u00e9s de la acci\u00f3n \u201c1 TUIT= 1 MINUTO\u201d para donar atenci\u00f3n psicol\u00f3gica para pacientes y familiares.\" \/>\n<meta property=\"og:url\" content=\"https:\/\/solandecabras.es\/en\/sustainability\/commitment-to-society\/solan-de-cabras-and-the-aecc-join-forces-again-in-dropsofsolidarity\/\" \/>\n<meta property=\"og:site_name\" content=\"Solan de Cabras\" \/>\n<meta property=\"article:publisher\" content=\"https:\/\/www.facebook.com\/solandecabras\" \/>\n<meta property=\"article:modified_time\" content=\"2024-03-04T10:52:48+00:00\" \/>\n<meta name=\"twitter:card\" content=\"summary_large_image\" \/>\n<meta name=\"twitter:site\" content=\"@Solan_de_Cabras\" \/>\n<script type=\"application\/ld+json\" class=\"yoast-schema-graph\">{\"@context\":\"https:\/\/schema.org\",\"@graph\":[{\"@type\":\"WebPage\",\"@id\":\"https:\/\/solandecabras.es\/en\/sustainability\/commitment-to-society\/solan-de-cabras-and-the-aecc-join-forces-again-in-dropsofsolidarity\/\",\"url\":\"https:\/\/solandecabras.es\/en\/sustainability\/commitment-to-society\/solan-de-cabras-and-the-aecc-join-forces-again-in-dropsofsolidarity\/\",\"name\":\"SOL\u00c1N DE CABRAS REFUERZA SU COMPROMISO CON LA ASOCIACI\u00d3N ESPA\u00d1OLA CONTRA EL C\u00c1NCER POR D\u00c9CIMO A\u00d1O CONSECUTIVO\",\"isPartOf\":{\"@id\":\"https:\/\/solandecabras.es\/en\/#website\"},\"datePublished\":\"2022-12-14T18:43:53+00:00\",\"dateModified\":\"2024-03-04T10:52:48+00:00\",\"description\":\"Reforzamos nuestro compromiso con la AECC a trav\u00e9s de la acci\u00f3n \u201c1 TUIT= 1 MINUTO\u201d para donar atenci\u00f3n psicol\u00f3gica para pacientes y familiares.\",\"breadcrumb\":{\"@id\":\"https:\/\/solandecabras.es\/en\/sustainability\/commitment-to-society\/solan-de-cabras-and-the-aecc-join-forces-again-in-dropsofsolidarity\/#breadcrumb\"},\"inLanguage\":\"en-US\",\"potentialAction\":[{\"@type\":\"ReadAction\",\"target\":[\"https:\/\/solandecabras.es\/en\/sustainability\/commitment-to-society\/solan-de-cabras-and-the-aecc-join-forces-again-in-dropsofsolidarity\/\"]}]},{\"@type\":\"BreadcrumbList\",\"@id\":\"https:\/\/solandecabras.es\/en\/sustainability\/commitment-to-society\/solan-de-cabras-and-the-aecc-join-forces-again-in-dropsofsolidarity\/#breadcrumb\",\"itemListElement\":[{\"@type\":\"ListItem\",\"position\":1,\"name\":\"Sustainability\",\"item\":\"https:\/\/solandecabras.es\/en\/sustainability\/\"},{\"@type\":\"ListItem\",\"position\":2,\"name\":\"Commitment to society\",\"item\":\"https:\/\/solandecabras.es\/en\/sustainability\/commitment-to-society\/\"},{\"@type\":\"ListItem\",\"position\":3,\"name\":\"Sol\u00e1n de Cabras and the AECC join forces again in #DROPSOFSOLIDARITY\u00a0\u00a0\u00a0\"}]},{\"@type\":\"WebSite\",\"@id\":\"https:\/\/solandecabras.es\/en\/#website\",\"url\":\"https:\/\/solandecabras.es\/en\/\",\"name\":\"Solan de Cabras\",\"description\":\"Agua mineral Natural\",\"publisher\":{\"@id\":\"https:\/\/solandecabras.es\/en\/#organization\"},\"potentialAction\":[{\"@type\":\"SearchAction\",\"target\":{\"@type\":\"EntryPoint\",\"urlTemplate\":\"https:\/\/solandecabras.es\/en\/?s={search_term_string}\"},\"query-input\":{\"@type\":\"PropertyValueSpecification\",\"valueRequired\":true,\"valueName\":\"search_term_string\"}}],\"inLanguage\":\"en-US\"},{\"@type\":\"Organization\",\"@id\":\"https:\/\/solandecabras.es\/en\/#organization\",\"name\":\"Solan de Cabras\",\"url\":\"https:\/\/solandecabras.es\/en\/\",\"logo\":{\"@type\":\"ImageObject\",\"inLanguage\":\"en-US\",\"@id\":\"https:\/\/solandecabras.es\/en\/#\/schema\/logo\/image\/\",\"url\":\"https:\/\/solandecabras.es\/wp-content\/uploads\/2025\/07\/logoactual.svg\",\"contentUrl\":\"https:\/\/solandecabras.es\/wp-content\/uploads\/2025\/07\/logoactual.svg\",\"width\":\"1024\",\"height\":\"1024\",\"caption\":\"Solan de Cabras\"},\"image\":{\"@id\":\"https:\/\/solandecabras.es\/en\/#\/schema\/logo\/image\/\"},\"sameAs\":[\"https:\/\/www.facebook.com\/solandecabras\",\"https:\/\/x.com\/Solan_de_Cabras\",\"https:\/\/www.youtube.com\/user\/Solanenfoco\",\"https:\/\/www.instagram.com\/solandecabras\"]}]}<\/script>\n<!-- \/ Yoast SEO plugin. -->","yoast_head_json":{"title":"SOL\u00c1N DE CABRAS REFUERZA SU COMPROMISO CON LA ASOCIACI\u00d3N ESPA\u00d1OLA CONTRA EL C\u00c1NCER POR D\u00c9CIMO A\u00d1O CONSECUTIVO","description":"Reforzamos nuestro compromiso con la AECC a trav\u00e9s de la acci\u00f3n \u201c1 TUIT= 1 MINUTO\u201d para donar atenci\u00f3n psicol\u00f3gica para pacientes y familiares.","robots":{"index":"index","follow":"follow","max-snippet":"max-snippet:-1","max-image-preview":"max-image-preview:large","max-video-preview":"max-video-preview:-1"},"canonical":"https:\/\/solandecabras.es\/en\/sustainability\/commitment-to-society\/solan-de-cabras-and-the-aecc-join-forces-again-in-dropsofsolidarity\/","og_locale":"en_US","og_type":"article","og_title":"SOL\u00c1N DE CABRAS REFUERZA SU COMPROMISO CON LA ASOCIACI\u00d3N ESPA\u00d1OLA CONTRA EL C\u00c1NCER POR D\u00c9CIMO A\u00d1O CONSECUTIVO","og_description":"Reforzamos nuestro compromiso con la AECC a trav\u00e9s de la acci\u00f3n \u201c1 TUIT= 1 MINUTO\u201d para donar atenci\u00f3n psicol\u00f3gica para pacientes y familiares.","og_url":"https:\/\/solandecabras.es\/en\/sustainability\/commitment-to-society\/solan-de-cabras-and-the-aecc-join-forces-again-in-dropsofsolidarity\/","og_site_name":"Solan de Cabras","article_publisher":"https:\/\/www.facebook.com\/solandecabras","article_modified_time":"2024-03-04T10:52:48+00:00","twitter_card":"summary_large_image","twitter_site":"@Solan_de_Cabras","schema":{"@context":"https:\/\/schema.org","@graph":[{"@type":"WebPage","@id":"https:\/\/solandecabras.es\/en\/sustainability\/commitment-to-society\/solan-de-cabras-and-the-aecc-join-forces-again-in-dropsofsolidarity\/","url":"https:\/\/solandecabras.es\/en\/sustainability\/commitment-to-society\/solan-de-cabras-and-the-aecc-join-forces-again-in-dropsofsolidarity\/","name":"SOL\u00c1N DE CABRAS REFUERZA SU COMPROMISO CON LA ASOCIACI\u00d3N ESPA\u00d1OLA CONTRA EL C\u00c1NCER POR D\u00c9CIMO A\u00d1O CONSECUTIVO","isPartOf":{"@id":"https:\/\/solandecabras.es\/en\/#website"},"datePublished":"2022-12-14T18:43:53+00:00","dateModified":"2024-03-04T10:52:48+00:00","description":"Reforzamos nuestro compromiso con la AECC a trav\u00e9s de la acci\u00f3n \u201c1 TUIT= 1 MINUTO\u201d para donar atenci\u00f3n psicol\u00f3gica para pacientes y familiares.","breadcrumb":{"@id":"https:\/\/solandecabras.es\/en\/sustainability\/commitment-to-society\/solan-de-cabras-and-the-aecc-join-forces-again-in-dropsofsolidarity\/#breadcrumb"},"inLanguage":"en-US","potentialAction":[{"@type":"ReadAction","target":["https:\/\/solandecabras.es\/en\/sustainability\/commitment-to-society\/solan-de-cabras-and-the-aecc-join-forces-again-in-dropsofsolidarity\/"]}]},{"@type":"BreadcrumbList","@id":"https:\/\/solandecabras.es\/en\/sustainability\/commitment-to-society\/solan-de-cabras-and-the-aecc-join-forces-again-in-dropsofsolidarity\/#breadcrumb","itemListElement":[{"@type":"ListItem","position":1,"name":"Sustainability","item":"https:\/\/solandecabras.es\/en\/sustainability\/"},{"@type":"ListItem","position":2,"name":"Commitment to society","item":"https:\/\/solandecabras.es\/en\/sustainability\/commitment-to-society\/"},{"@type":"ListItem","position":3,"name":"Sol\u00e1n de Cabras and the AECC join forces again in #DROPSOFSOLIDARITY\u00a0\u00a0\u00a0"}]},{"@type":"WebSite","@id":"https:\/\/solandecabras.es\/en\/#website","url":"https:\/\/solandecabras.es\/en\/","name":"Solan de Cabras","description":"Agua mineral Natural","publisher":{"@id":"https:\/\/solandecabras.es\/en\/#organization"},"potentialAction":[{"@type":"SearchAction","target":{"@type":"EntryPoint","urlTemplate":"https:\/\/solandecabras.es\/en\/?s={search_term_string}"},"query-input":{"@type":"PropertyValueSpecification","valueRequired":true,"valueName":"search_term_string"}}],"inLanguage":"en-US"},{"@type":"Organization","@id":"https:\/\/solandecabras.es\/en\/#organization","name":"Solan de Cabras","url":"https:\/\/solandecabras.es\/en\/","logo":{"@type":"ImageObject","inLanguage":"en-US","@id":"https:\/\/solandecabras.es\/en\/#\/schema\/logo\/image\/","url":"https:\/\/solandecabras.es\/wp-content\/uploads\/2025\/07\/logoactual.svg","contentUrl":"https:\/\/solandecabras.es\/wp-content\/uploads\/2025\/07\/logoactual.svg","width":"1024","height":"1024","caption":"Solan de Cabras"},"image":{"@id":"https:\/\/solandecabras.es\/en\/#\/schema\/logo\/image\/"},"sameAs":["https:\/\/www.facebook.com\/solandecabras","https:\/\/x.com\/Solan_de_Cabras","https:\/\/www.youtube.com\/user\/Solanenfoco","https:\/\/www.instagram.com\/solandecabras"]}]}},"_links":{"self":[{"href":"https:\/\/solandecabras.es\/en\/wp-json\/wp\/v2\/pages\/10897","targetHints":{"allow":["GET"]}}],"collection":[{"href":"https:\/\/solandecabras.es\/en\/wp-json\/wp\/v2\/pages"}],"about":[{"href":"https:\/\/solandecabras.es\/en\/wp-json\/wp\/v2\/types\/page"}],"author":[{"embeddable":true,"href":"https:\/\/solandecabras.es\/en\/wp-json\/wp\/v2\/users\/2"}],"replies":[{"embeddable":true,"href":"https:\/\/solandecabras.es\/en\/wp-json\/wp\/v2\/comments?post=10897"}],"version-history":[{"count":3,"href":"https:\/\/solandecabras.es\/en\/wp-json\/wp\/v2\/pages\/10897\/revisions"}],"predecessor-version":[{"id":10908,"href":"https:\/\/solandecabras.es\/en\/wp-json\/wp\/v2\/pages\/10897\/revisions\/10908"}],"up":[{"embeddable":true,"href":"https:\/\/solandecabras.es\/en\/wp-json\/wp\/v2\/pages\/10873"}],"wp:attachment":[{"href":"https:\/\/solandecabras.es\/en\/wp-json\/wp\/v2\/media?parent=10897"}],"curies":[{"name":"wp","href":"https:\/\/api.w.org\/{rel}","templated":true}]}}